{"id":3970,"date":"2020-04-25T20:19:28","date_gmt":"2020-04-25T20:19:28","guid":{"rendered":"https:\/\/www.corralespianos.com\/ca\/?page_id=3970"},"modified":"2023-08-31T15:53:50","modified_gmt":"2023-08-31T15:53:50","slug":"avis-legal-i-politica-de-privacitat","status":"publish","type":"page","link":"https:\/\/www.corralespianos.com\/ca\/avis-legal-i-politica-de-privacitat\/","title":{"rendered":"Av\u00eds legal i Pol\u00edtica de privacitat"},"content":{"rendered":"[vc_row row_content_width=&#8221;grid&#8221; css=&#8221;.vc_custom_1661003880160{padding-top: 76px !important;padding-bottom: 76px !important;}&#8221;][vc_column][vc_column_text]\r\n[\/vc_column_text]<div class=\"eltdf-elements-holder eltdf-responsive-mode-768\" ><div class=\"eltdf-elements-holder-item eltdf-width-1-1 eltdf-vertical-alignment-middle eltdf-horizontal-alignment-left\" data-item-class=\"eltdf-elements-holder-custom-101345\" >\n        <div class=\"eltdf-elements-holder-item-inner\">\n        <div class=\"eltdf-elements-holder-item-content eltdf-elements-holder-custom-101345\" >\n            <div class=\"eltdf-elements-holder-item-content-inner\">\n                <div class=\"eltdf-section-title-holder\" >\n\t\t\t<h2 class=\"eltdf-st-title\" style=\"color: #999966\">\n\t\t\t<span>AV\u00cdS LEGAL<\/span>\n\t\t<\/h2>\n\t\t<\/div>[vc_empty_space height=&#8221;45px&#8221;]            <\/div>\n        <\/div>\n    <\/div>\n    <\/div><\/div><div class=\"eltdf-elements-holder eltdf-responsive-mode-768\" ><div class=\"eltdf-elements-holder-item eltdf-width-1-1 eltdf-vertical-alignment-middle eltdf-horizontal-alignment-left\" data-item-class=\"eltdf-elements-holder-custom-865046\" >\n        <div class=\"eltdf-elements-holder-item-inner\">\n        <div class=\"eltdf-elements-holder-item-content eltdf-elements-holder-custom-865046\" >\n            <div class=\"eltdf-elements-holder-item-content-inner\">\n                <div class=\"eltdf-section-title-holder\" >\n\t\t\t<h3 class=\"eltdf-st-title\" style=\"color: #373737\">\n\t\t\t<span>1. INFORMACI\u00d3 CORPORATIVA<\/span>\n\t\t<\/h3>\n\t\t<\/div>[vc_empty_space height=&#8221;14px&#8221;][vc_column_text]\r\nEn compliment de la Llei 34\/2002, d&#8217;11 de juliol, de serveis de la societat de la informaci\u00f3 i de comer\u00e7 electr\u00f2nic, CORRALES PIANOS SL us informa que \u00e9s titular dels llocs web: <strong>www.corralespianos.com<\/strong>, d&#8217;acord amb l&#8217;exig\u00e8ncia de l&#8217;article 10 de la Llei esmentada, <strong>CORRALES PIANOS, SL<\/strong>, notifica les dades seg\u00fcents: el titular d&#8217;aquesta p\u00e0gina web es <strong>CORRALES PIANOS, SL<\/strong> amb NIF\/CIF: <strong>B64773062<\/strong>. Registre Mercantil de <strong>BARCELONA<\/strong>. Tom: <strong>40238<\/strong>. Foli: <strong>56, S8<\/strong>,. Full: <strong>B 360366<\/strong>, i domicili social: <strong>C\u00d2RSEGA, 460 BJ<\/strong>, Codi Postal: <strong>08025<\/strong>. Localitat: <strong>BARCELONA<\/strong>. Prov\u00edncia: <strong>BARCELONA<\/strong>. L&#8217;adre\u00e7a de correu electr\u00f2nic de contacte amb l&#8217;empresa \u00e9s: <a href=\"mailto:info@corralespianos.com\">info@corralespianos.com<\/a>\r\n[\/vc_column_text][vc_empty_space height=&#8221;50px&#8221;]            <\/div>\n        <\/div>\n    <\/div>\n    <\/div><\/div><div class=\"eltdf-elements-holder eltdf-responsive-mode-768\" ><div class=\"eltdf-elements-holder-item eltdf-width-1-1 eltdf-vertical-alignment-middle eltdf-horizontal-alignment-left\" data-item-class=\"eltdf-elements-holder-custom-308514\" >\n        <div class=\"eltdf-elements-holder-item-inner\">\n        <div class=\"eltdf-elements-holder-item-content eltdf-elements-holder-custom-308514\" >\n            <div class=\"eltdf-elements-holder-item-content-inner\">\n                <div class=\"eltdf-section-title-holder\" >\n\t\t\t<h3 class=\"eltdf-st-title\" style=\"color: #373737\">\n\t\t\t<span>2. USUARI I R\u00c8GIM DE RESPONSABILITATS<\/span>\n\t\t<\/h3>\n\t\t<\/div>[vc_empty_space height=&#8221;14px&#8221;][vc_column_text]La navegaci\u00f3 per acc\u00e9s o \u00fas de la p\u00e0gina web i tots els subdominis i directoris inclosos sota la mateixa, aix\u00ed com els serveis o continguts que a trav\u00e9s seu es puguin obtenir i tots els portals de domini propi sota titularitat de <strong>CORRALES PIANOS, SL<\/strong>, atorga la Condici\u00f3 d&#8217;<strong>Usuari<\/strong>, per la qual s&#8217;accepten, en navegar per la p\u00e0gina <strong>CORRALES PIANOS, SL<\/strong>, totes les condicions d&#8217;\u00fas que s&#8217;estableixen aqu\u00ed sense perjudicar l&#8217;aplicaci\u00f3 de la corresponent normativa de compliment legal obligat segons el cas.[\/vc_column_text]\r\n[vc_column_text]Per aix\u00f2, si les consideracions detallades en aquest av\u00eds legal no s\u00f3n de la seva conformitat, preguem no faci \u00fas del portal, ja que qualsevol \u00fas que faci del mateix o els serveis i continguts en ell inclosos implicar\u00e0 l&#8217;acceptaci\u00f3 dels termes legals recollits en aquest text.[\/vc_column_text]\r\n[vc_column_text]La p\u00e0gina web de <strong>CORRALES PIANOS, SL<\/strong> proporciona gran diversitat d&#8217;informaci\u00f3, serveis i dades. L&#8217;usuari assumeix la responsabilitat en l&#8217;\u00fas correcte dels llocs web. Aquesta responsabilitat s&#8217;estendr\u00e0 a: La veracitat i licitud de les informacions aportades per l&#8217;usuari als formularis emesos per <strong>CORRALES PIANOS, SL<\/strong> per accedir a determinats continguts o serveis oferts per la web.[\/vc_column_text]\r\n[vc_column_text]L&#8217;\u00fas de la informaci\u00f3, serveis i dades ofertes per <strong>CORRALES PIANOS, SL<\/strong> no aniran contra les disposicions d&#8217;aquestes condicions, la Llei, la moral, els bons costums o l&#8217;ordre p\u00fablic o que, altrament, puguin suposar lesi\u00f3 dels drets de tercers o del funcionament dels llocs web. A aquest efecte, l&#8217;Usuari s&#8217;abstindr\u00e0 d&#8217;utilitzar qualsevol dels continguts amb finalitats o efectes il\u00b7l\u00edcits, prohibits en aquest text, lesius dels drets i interessos de tercers, o que de qualsevol manera puguin danyar, inutilitzar, sobrecarregar, deteriorar o impedir-ne la normal utilitzaci\u00f3 dels continguts, altres Usuaris o de qualsevol usuari d&#8217;Internet (hardware i software).[\/vc_column_text]\r\n[vc_column_text]Els usuaris respondran dels danys i perjudicis de tota naturalesa que l&#8217;empresa propiet\u00e0ria del web pugui patir, directament o indirectament, com a conseq\u00fc\u00e8ncia d&#8217;incompliment de qualsevol de les obligacions derivades de l&#8217;\u00fas del web i d&#8217;aquesta pol\u00edtica de privadesa.[\/vc_column_text]\r\n[vc_column_text]En particular, i a t\u00edtol merament indicatiu i no exhaustiu, l&#8217;Usuari es compromet a no transmetre, difondre o posar a disposici\u00f3 de tercers informacions, dades, continguts, missatges, gr\u00e0fics, dibuixos, arxius de so i\/o imatge, fotografies de la web.[\/vc_column_text][vc_empty_space height=&#8221;50px&#8221;]            <\/div>\n        <\/div>\n    <\/div>\n    <\/div><\/div><div class=\"eltdf-elements-holder eltdf-responsive-mode-768\" ><div class=\"eltdf-elements-holder-item eltdf-width-1-1 eltdf-vertical-alignment-middle eltdf-horizontal-alignment-left\" data-item-class=\"eltdf-elements-holder-custom-666131\" >\n        <div class=\"eltdf-elements-holder-item-inner\">\n        <div class=\"eltdf-elements-holder-item-content eltdf-elements-holder-custom-666131\" >\n            <div class=\"eltdf-elements-holder-item-content-inner\">\n                <div class=\"eltdf-section-title-holder\" >\n\t\t\t<h2 class=\"eltdf-st-title\" style=\"color: #999966\">\n\t\t\t<span>POL\u00cdTICA DE PRIVACITAT<\/span>\n\t\t<\/h2>\n\t\t<\/div>[vc_empty_space height=&#8221;45px&#8221;]            <\/div>\n        <\/div>\n    <\/div>\n    <\/div><\/div><div class=\"eltdf-elements-holder eltdf-responsive-mode-768\" ><div class=\"eltdf-elements-holder-item eltdf-width-1-1 eltdf-vertical-alignment-middle eltdf-horizontal-alignment-left\" data-item-class=\"eltdf-elements-holder-custom-882267\" >\n        <div class=\"eltdf-elements-holder-item-inner\">\n        <div class=\"eltdf-elements-holder-item-content eltdf-elements-holder-custom-882267\" >\n            <div class=\"eltdf-elements-holder-item-content-inner\">\n                <div class=\"eltdf-section-title-holder\" >\n\t\t\t<h3 class=\"eltdf-st-title\" style=\"color: #373737\">\n\t\t\t<span>1. POL\u00cdTICA D&#039;ENLLA\u00c7OS I EXEMPCIONS DE RESPONSABILITAT<\/span>\n\t\t<\/h3>\n\t\t<\/div>[vc_empty_space height=&#8221;14px&#8221;][vc_column_text]\r\n<strong data-rich-text-format-boundary=\"true\">CORRALES PIANOS, SL<\/strong> no es responsabilitza dels danys produ\u00efts als equips inform\u00e0tics, documents i\/o fitxers dels Usuaris o de tercers durant la prestaci\u00f3 del servei al Portal.[\/vc_column_text]\r\n[vc_column_text]<strong data-rich-text-format-boundary=\"true\">CORRALES PIANOS, SL<\/strong> no es fa responsable del contingut de les p\u00e0gines web a qu\u00e8 pugui accedir l&#8217;usuari a trav\u00e9s dels enlla\u00e7os establerts als seus llocs web i declara que en cap cas examinar\u00e0 ni exercitar\u00e0 cap mena de control sobre el contingut d&#8217;altres p\u00e0gines de la xarxa. <br data-rich-text-line-break=\"true\" \/>Aix\u00ed mateix, tampoc garanteix la disponibilitat t\u00e8cnica, exactitud, veracitat, validesa o legalitat de p\u00e0gines alienes a la seva propietat a qu\u00e8 es pugui accedir a trav\u00e9s dels enlla\u00e7os.[\/vc_column_text]\r\n[vc_column_text]<strong data-rich-text-format-boundary=\"true\">CORRALES PIANOS, SL<\/strong> declara que ha adoptat totes les mesures necess\u00e0ries per evitar qualsevol dany que es pugui derivar de la navegaci\u00f3 per les seves p\u00e0gines web. Per tant, <strong>CORRALES PIANOS, SL<\/strong> no es fa responsable, en cap cas, dels eventuals danys que pugui patir l&#8217;usuari a causa de la navegaci\u00f3 per Internet.[\/vc_column_text]\r\n[vc_column_text]<strong data-rich-text-format-boundary=\"true\">CORRALES PIANOS, SL<\/strong> no es responsabilitza dels danys o perjudicis de qualsevol tipus produ\u00efts a l&#8217;Usuari que portin causa de fallades o desconnexions a les xarxes de telecomunicacions que produeixin la suspensi\u00f3, cancel\u00b7laci\u00f3, instal\u00b7laci\u00f3 o interrupci\u00f3 del servei del web durant la prestaci\u00f3 del mateix o amb car\u00e0cter previ.[\/vc_column_text]\r\n[vc_column_text]L&#8217;acc\u00e9s a la web: <strong>www.corralespianos.com<\/strong> no implica la obligaci\u00f3 per part de l&#8217;empresa de controlar l&#8217;abs\u00e8ncia de virus o qualsevol altre element inform\u00e0tic nociu. Correspon a l&#8217;Usuari, en tot cas, la disponibilitat d&#8217;eines adequades per a la detecci\u00f3 i desinfecci\u00f3 de programes inform\u00e0tics nocius.[\/vc_column_text]\r\n[vc_column_text]<strong data-rich-text-format-boundary=\"true\">CORRALES PIANOS, SL<\/strong> no es responsabilitza dels danys produ\u00efts als equips inform\u00e0tics, documents i\/o fitxers dels Usuaris o de tercers durant la prestaci\u00f3 del servei al Portal.[\/vc_column_text][vc_empty_space height=&#8221;50px&#8221;]            <\/div>\n        <\/div>\n    <\/div>\n    <\/div><\/div><div class=\"eltdf-elements-holder eltdf-responsive-mode-768\" ><div class=\"eltdf-elements-holder-item eltdf-width-1-1 eltdf-vertical-alignment-middle eltdf-horizontal-alignment-left\" data-item-class=\"eltdf-elements-holder-custom-386835\" >\n        <div class=\"eltdf-elements-holder-item-inner\">\n        <div class=\"eltdf-elements-holder-item-content eltdf-elements-holder-custom-386835\" >\n            <div class=\"eltdf-elements-holder-item-content-inner\">\n                <div class=\"eltdf-section-title-holder\" >\n\t\t\t<h3 class=\"eltdf-st-title\" style=\"color: #373737\">\n\t\t\t<span>2. PUBLICITAT<\/span>\n\t\t<\/h3>\n\t\t<\/div>[vc_empty_space height=&#8221;14px&#8221;][vc_column_text]La web: <strong>www.corralespianos.com<\/strong> podr\u00e0 allotjar continguts publicitaris o patrocinats. Els anunciants o patrocinadors s\u00f3n els \u00fanics responsables d&#8217;assegurar-se que el material rem\u00e8s per a la seva inclusi\u00f3 a la web compleix les lleis que en cada cas puguin ser aplicables.[\/vc_column_text]\r\n[vc_column_text]<strong data-rich-text-format-boundary=\"true\">CORRALES PIANOS, SL <\/strong> no ser\u00e0 responsable de qualsevol error, inexactitud o irregularitat que puguin contenir els continguts publicitaris o dels patrocinadors.[\/vc_column_text][vc_empty_space height=&#8221;50px&#8221;]            <\/div>\n        <\/div>\n    <\/div>\n    <\/div><\/div><div class=\"eltdf-elements-holder eltdf-responsive-mode-768\" ><div class=\"eltdf-elements-holder-item eltdf-width-1-1 eltdf-vertical-alignment-middle eltdf-horizontal-alignment-left\" data-item-class=\"eltdf-elements-holder-custom-341146\" >\n        <div class=\"eltdf-elements-holder-item-inner\">\n        <div class=\"eltdf-elements-holder-item-content eltdf-elements-holder-custom-341146\" >\n            <div class=\"eltdf-elements-holder-item-content-inner\">\n                <div class=\"eltdf-section-title-holder\" >\n\t\t\t<h3 class=\"eltdf-st-title\" style=\"color: #373737\">\n\t\t\t<span>3. MODIFICACIONS<\/span>\n\t\t<\/h3>\n\t\t<\/div>[vc_empty_space height=&#8221;14px&#8221;][vc_column_text]<strong>CORRALES PIANOS, SL<\/strong> es reserva el dret a realitzar les modificacions que consideri oportunes, sense av\u00eds previ, en el contingut dels seus llocs web, tant pel que fa als continguts dels llocs web com per les condicions d&#8217;\u00fas o per les condicions generals de contractaci\u00f3. Aquestes modificacions podran realitzar-se, a trav\u00e9s dels seus llocs web, de qualsevol forma admissible en dret i seran de compliment obligat durant el temps que estiguin publicades a la web i fins que no siguin modificades per altres posteriors.[\/vc_column_text][vc_empty_space height=&#8221;50px&#8221;]            <\/div>\n        <\/div>\n    <\/div>\n    <\/div><\/div><div class=\"eltdf-elements-holder eltdf-responsive-mode-768\" ><div class=\"eltdf-elements-holder-item eltdf-width-1-1 eltdf-vertical-alignment-middle eltdf-horizontal-alignment-left\" data-item-class=\"eltdf-elements-holder-custom-181717\" >\n        <div class=\"eltdf-elements-holder-item-inner\">\n        <div class=\"eltdf-elements-holder-item-content eltdf-elements-holder-custom-181717\" >\n            <div class=\"eltdf-elements-holder-item-content-inner\">\n                <div class=\"eltdf-section-title-holder\" >\n\t\t\t<h3 class=\"eltdf-st-title\" style=\"color: #373737\">\n\t\t\t<span>4. RESERVA DE COOKIES<\/span>\n\t\t<\/h3>\n\t\t<\/div>[vc_empty_space height=&#8221;14px&#8221;][vc_column_text]<strong data-rich-text-format-boundary=\"true\">CORRALES PIANOS, SL<\/strong> es reserva el dret d&#8217;utilitzar cookies en la navegaci\u00f3 de l&#8217;usuari pels seus llocs web per facilitar la personalitzaci\u00f3 i la comoditat de la navegaci\u00f3. Seguint la pol\u00edtica de protecci\u00f3 de dades de l&#8217;empresa, <strong>CORRALES PIANOS, SL<\/strong> informa que les cookies s&#8217;associen a l&#8217;usuari an\u00f2nim i al vostre ordinador i no proporcionen per si mateixes ni el nom ni els cognoms de l&#8217;usuari.[\/vc_column_text]\r\n[vc_column_text]En aquest sentit, d&#8217;acord amb la sent\u00e8ncia de la Gran Sala de Just\u00edcia de la Uni\u00f3 Europea, d&#8217;1 d&#8217;octubre del 2019, la nostra <a class=\"aioseop-link\" href=\"https:\/\/www.corralespianos.com\/ca\/politica-de-cookies\/\">\u2018pol\u00edtica de cookies\u2019<\/a> informa a l&#8217;usuari del temps que aquestes cookies romandran actives al terminal de l&#8217;usuari i de la possibilitat que tercers tinguin acc\u00e9s a la informaci\u00f3 que aquestes emmagatzemen. Aquesta sent\u00e8ncia modifica larticle 5, apartat 3, de la Directiva 2002\/58 per la Directiva 2009\/136.[\/vc_column_text]\r\n[vc_column_text]Arran d&#8217;aquesta sent\u00e8ncia, l&#8217;usuari t\u00e9 la possibilitat d&#8217;acceptar o rebutjar expl\u00edcitament l&#8217;\u00fas de les galetes. Addicionalment, l&#8217;Usuari t\u00e9 la possibilitat de configurar el vostre navegador de manera que sigui informat de la recepci\u00f3 de cookies, amb la possibilitat, si aix\u00ed ho desitja, d&#8217;impedir que s&#8217;instal\u00b7lin al vostre disc dur. En aquest sentit, per accedir als llocs web de <strong> CORRALES PIANOS, SL<\/strong>, no \u00e9s preceptiva la instal\u00b7laci\u00f3 de cookies.[\/vc_column_text]\r\n[vc_column_text]L&#8217;usuari es compromet a abstenir-se de reproduir, copiar, distribuir, posar a disposici\u00f3 o de qualsevol altra manera comunicar p\u00fablicament, transformar o modificar els continguts, llevat que es compti amb l&#8217;autoritzaci\u00f3 del titular dels drets corresponents o aix\u00f2 resulti legalment perm\u00e8s.[\/vc_column_text][vc_empty_space height=&#8221;50px&#8221;]            <\/div>\n        <\/div>\n    <\/div>\n    <\/div><\/div><div class=\"eltdf-elements-holder eltdf-responsive-mode-768\" ><div class=\"eltdf-elements-holder-item eltdf-width-1-1 eltdf-vertical-alignment-middle eltdf-horizontal-alignment-left\" data-item-class=\"eltdf-elements-holder-custom-918913\" >\n        <div class=\"eltdf-elements-holder-item-inner\">\n        <div class=\"eltdf-elements-holder-item-content eltdf-elements-holder-custom-918913\" >\n            <div class=\"eltdf-elements-holder-item-content-inner\">\n                <div class=\"eltdf-section-title-holder\" >\n\t\t\t<h3 class=\"eltdf-st-title\" style=\"color: #373737\">\n\t\t\t<span>5. PROTECCI\u00d3 DE DADES PERSONALS<\/span>\n\t\t<\/h3>\n\t\t<\/div>[vc_empty_space height=&#8221;14px&#8221;][vc_column_text]De conformitat amb el que estableix el Reglament General-UE-2016\/679 del Parlament i Consell d&#8217;Europa de Protecci\u00f3 de Dades de Car\u00e0cter Personal, aprovat el 27 d&#8217;abril del 2016, i la LOPD 3\/2018, de garantia dels drets digitals, <strong>CORRALES PIANOS, SL<\/strong> informa els usuaris dels seus llocs web que estem obligats a guardar secret professional sobre les dades personals demanades per l&#8217;empresa mitjan\u00e7ant els formularis situats a les seves p\u00e0gines, aquesta obligaci\u00f3 continuar\u00e0 fins i tot despr\u00e9s d&#8217;haver finalitzat la nostra relaci\u00f3 comercial o contractual, i en cap cas podrem fer p\u00fabliques les dades personals dels visitants i clients a la web sense el vostre consentiment. <strong>Els menors de 14 anys no poden prestar el vostre consentiment perqu\u00e8 un comer\u00e7 reculli i tracti les vostres dades personals<\/strong>; nom\u00e9s els seus representants legals (pares o tutors) s\u00f3n els que poden fer-ho en nom seu. Aquells comer\u00e7os que necessitin tractar dades de menors de 14 anys, han de disposar dels mitjans per obtenir el consentiment dels pares o tutors, per exemple, mitjan\u00e7ant un missatge de correu electr\u00f2nic dirigit a algun d&#8217;ells que contingui un enlla\u00e7 a un formulari electr\u00f2nic. No es poden demanar als menors de 14 anys dades sobre l&#8217;\u00e0mbit familiar, l&#8217;\u00fanica excepci\u00f3 \u00e9s les dades d&#8217;identificaci\u00f3 i contacte dels pares o tutors.[\/vc_column_text]\r\n[vc_column_text]Aquestes dades seran introdu\u00efdes en un fitxer automatitzat sota la responsabilitat de l&#8217;administrador del web de <strong>CORRALES PIANOS, SL<\/strong> amb la finalitat de poder facilitar, agilitzar i complir els compromisos establerts entre ambdues parts. Aix\u00ed mateix, <strong>CORRALES PIANOS, SL<\/strong> informa de la possibilitat d&#8217;exercir els drets de <strong>acc\u00e9s<\/strong>, que permet a l&#8217;usuari web, con\u00e8ixer quines dades personals t\u00e9 l&#8217;administrador d&#8217;aquesta p\u00e0gina i aix\u00ed cas contestar\u00e0 en un termini de 30 dies, sempre que conservi les dades, <strong>rectificaci\u00f3<\/strong>, que permet corregir errors, modificar les dades que siguin inexactes o incompletes i garantir la certesa de la informaci\u00f3, <strong>oposici\u00f3<\/strong> que podreu sol\u00b7licitar i aconseguir que no dugui a terme el tractament de dades, <strong>supressi\u00f3<\/strong> que permet que se suprimeixin les dades inadequades o excessives, <strong>limitaci\u00f3<\/strong>, pel qual podeu sol\u00b7licitar que es limiti el tractament de les vostres dades quan hagi exercit el seu dret a la rectificaci\u00f3 de les vostres dades personals, i <strong>portabilitat<\/strong>, perqu\u00e8 l&#8217;usuari pugui obtenir una c\u00f2pia de les dades personals que hagi facilitat a la web a fi de poder transmetre&#8217;ls a altres serveis, aquests drets es podran exercir per qualsevol mitj\u00e0 que deixi const\u00e0ncia de la seva tramesa i de la seva recepci\u00f3 a l&#8217;adre\u00e7a: <strong>C\u00d2RSEGA, 460 BJ<\/strong>. Codi postal: <strong>08025<\/strong>. Localitat: <strong>BARCELONA<\/strong>. Prov\u00edncia: <strong>BARCELONA<\/strong>. Correu electr\u00f2nic: <a href=\"mailto:info@corralespianos.com\">info@corralespianos.com<\/a>, aportant fotoc\u00f2pia del DNI o documentaci\u00f3 alternativa que n&#8217;acrediti la identitat.[\/vc_column_text]\r\n[vc_column_text]Mentre no ens comuniqueu el contrari, entendrem que les vostres dades no han estat modificades, que vost\u00e8 es compromet a notificar-nos qualsevol variaci\u00f3 i que tenim el consentiment per utilitzar-les per tal de poder fidelitzar la relaci\u00f3 entre les parts.[\/vc_column_text]\r\n[vc_column_text]L&#8217;enviament de les vostres dades mitjan\u00e7ant el\/s formulari\/s de la nostra web estar\u00e0 supeditat obligat\u00f2riament a que hagi llegit\/acceptat la Pol\u00edtica de Privadesa, mitjan\u00e7ant un check box obligatori al peu del formulari.[\/vc_column_text]\r\n[vc_column_text]D&#8217;acord amb el que estableix la Llei 34\/2002, de Serveis de la Societat de la Informaci\u00f3 i el Comer\u00e7 Electr\u00f2nic a l&#8217;article 21, demanem el vostre consentiment per poder realitzar comunicacions publicit\u00e0ries que considerem que puguin ser del vostre inter\u00e8s, per correu electr\u00f2nic o per qualsevol altre mitj\u00e0 de comunicaci\u00f3 electr\u00f2nica equivalent, aquest consentiment ho acceptar\u00e0 o negar\u00e0 amb un check box obligatori al peu del formulari.[\/vc_column_text][vc_empty_space height=&#8221;50px&#8221;]            <\/div>\n        <\/div>\n    <\/div>\n    <\/div><\/div><div class=\"eltdf-elements-holder eltdf-responsive-mode-768\" ><div class=\"eltdf-elements-holder-item eltdf-width-1-1 eltdf-vertical-alignment-middle eltdf-horizontal-alignment-left\" data-item-class=\"eltdf-elements-holder-custom-150930\" >\n        <div class=\"eltdf-elements-holder-item-inner\">\n        <div class=\"eltdf-elements-holder-item-content eltdf-elements-holder-custom-150930\" >\n            <div class=\"eltdf-elements-holder-item-content-inner\">\n                <div class=\"eltdf-section-title-holder\" >\n\t\t\t<h3 class=\"eltdf-st-title\" style=\"color: #373737\">\n\t\t\t<span>6. PROPIETAT INTEL\u00b7LECTUAL<\/span>\n\t\t<\/h3>\n\t\t<\/div>[vc_empty_space height=&#8221;14px&#8221;][vc_column_text]Els drets de propietat intel\u00b7lectual i industrial derivats de tots els textos, imatges, aix\u00ed com dels mitjans i formes de presentaci\u00f3 i muntatge de les seves p\u00e0gines pertanyen, per si mateixos o com a cession\u00e0ria, a <strong>CORRALES PIANOS, SL<\/strong> . Seran, per tant, obres protegides amb propietat intel\u00b7lectual per l&#8217;ordenament jur\u00eddic espanyol i se&#8217;ls podr\u00e0 aplicar tant la normativa espanyola i comunit\u00e0ria en aquest camp, com els tractats internacionals relatius a la mat\u00e8ria i subscrits per Espanya, Reial Decret Legislatiu 1\/1996.[\/vc_column_text]\r\n[vc_column_text]Tots els drets reservats. En compliment de la Llei de la propietat intel\u00b7lectual es prohibeix expressament la reproducci\u00f3, distribuci\u00f3, comunicaci\u00f3 p\u00fablica i utilitzaci\u00f3 de la totalitat o part dels continguts de les seves p\u00e0gines web sense el consentiment expl\u00edcit de <strong>CORRALES PIANOS, SL<\/strong>.[\/vc_column_text]\r\n[vc_column_text]Aix\u00ed mateix, <strong>CORRALES PIANOS, SL<\/strong> es reserva la facultat de presentar les accions civils o penals que consideri oportunes per la utilitzaci\u00f3 indeguda de les p\u00e0gines web i continguts o per l&#8217;incompliment d&#8217;aquestes condicions.[\/vc_column_text][vc_empty_space height=&#8221;50px&#8221;]            <\/div>\n        <\/div>\n    <\/div>\n    <\/div><\/div><div class=\"eltdf-elements-holder eltdf-responsive-mode-768\" ><div class=\"eltdf-elements-holder-item eltdf-width-1-1 eltdf-vertical-alignment-middle eltdf-horizontal-alignment-left\" data-item-class=\"eltdf-elements-holder-custom-296138\" >\n        <div class=\"eltdf-elements-holder-item-inner\">\n        <div class=\"eltdf-elements-holder-item-content eltdf-elements-holder-custom-296138\" >\n            <div class=\"eltdf-elements-holder-item-content-inner\">\n                <div class=\"eltdf-section-title-holder\" >\n\t\t\t<h3 class=\"eltdf-st-title\" style=\"color: #373737\">\n\t\t\t<span>7. SEGELLS DE CONFIAN\u00c7A<\/span>\n\t\t<\/h3>\n\t\t<\/div>[vc_empty_space height=&#8221;14px&#8221;][vc_column_text]Els segells de confian\u00e7a s\u00f3n distintius que es proporcionen a les botigues en l\u00ednia per demostrar la seva qualitat i seguretat en la venda en l\u00ednia.[\/vc_column_text]\r\n[vc_column_text]Per aconseguir el segell, aquestes s\u00f3n auditades o avaluades per comprovar que compleixen els criteris de seguretat en la compra i compliment legal en mat\u00e8ria de privadesa i protecci\u00f3 de dades dels consumidors.[\/vc_column_text]\r\n[vc_column_text]Les botigues que tenen un segell de confian\u00e7a estan adherides a un codi de conducta i solen oferir als consumidors procediments alternatius de resoluci\u00f3 de conflictes senzills, r\u00e0pids i c\u00f2modes.[\/vc_column_text][vc_empty_space height=&#8221;50px&#8221;]            <\/div>\n        <\/div>\n    <\/div>\n    <\/div><\/div><div class=\"eltdf-elements-holder eltdf-responsive-mode-768\" ><div class=\"eltdf-elements-holder-item eltdf-width-1-1 eltdf-vertical-alignment-middle eltdf-horizontal-alignment-left\" data-item-class=\"eltdf-elements-holder-custom-424860\" >\n        <div class=\"eltdf-elements-holder-item-inner\">\n        <div class=\"eltdf-elements-holder-item-content eltdf-elements-holder-custom-424860\" >\n            <div class=\"eltdf-elements-holder-item-content-inner\">\n                <div class=\"eltdf-section-title-holder\" >\n\t\t\t<h3 class=\"eltdf-st-title\" style=\"color: #373737\">\n\t\t\t<span>8. CERTIFICATS DE COMPLIMENT LSSI-CE I PROTECCI\u00d3 DE DADES<\/span>\n\t\t<\/h3>\n\t\t<\/div>[vc_empty_space height=&#8221;14px&#8221;][vc_column_text]<strong data-rich-text-format-boundary=\"true\">www.corralespianos.com<\/strong> compleix amb la normativa de Protecci\u00f3 de Dades vigent i amb la <strong>LSSI-CE<\/strong>, i ha estat assessorada en aquestes normatives per GRUP QUALIA, per la qual cosa se li atorguen sengles certificats en format d&#8217;imatge digital perqu\u00e8 pugui exposar-los al vostre lloc web.[\/vc_column_text][vc_single_image image=&#8221;8187&#8243; img_size=&#8221;60&#215;60&#8243;][vc_empty_space height=&#8221;50px&#8221;]            <\/div>\n        <\/div>\n    <\/div>\n    <\/div><\/div><div class=\"eltdf-elements-holder eltdf-responsive-mode-768\" ><div class=\"eltdf-elements-holder-item eltdf-width-1-1 eltdf-vertical-alignment-middle eltdf-horizontal-alignment-left\" data-item-class=\"eltdf-elements-holder-custom-140534\" >\n        <div class=\"eltdf-elements-holder-item-inner\">\n        <div class=\"eltdf-elements-holder-item-content eltdf-elements-holder-custom-140534\" >\n            <div class=\"eltdf-elements-holder-item-content-inner\">\n                <div class=\"eltdf-section-title-holder\" >\n\t\t\t<h3 class=\"eltdf-st-title\" style=\"color: #373737\">\n\t\t\t<span>9. ACCIONS LEGAL, LEGISLACI\u00d3 APLICABLE I JURISDICCI\u00d3<\/span>\n\t\t<\/h3>\n\t\t<\/div>[vc_empty_space height=&#8221;14px&#8221;][vc_column_text]La relaci\u00f3 entre l&#8217;usuari i <strong>CORRALES PIANOS, SL<\/strong> es regir\u00e0 per la normativa espanyola vigent i seran competents per decidir sobre qualsevol controv\u00e8rsia que pugui sorgir entre l&#8217;usuari i <strong>CORRALES PIANOS, SL<\/strong>, els jutjats o tribunals de la localitat de <strong>BARCELONA<\/strong>.[\/vc_column_text][vc_empty_space height=&#8221;50px&#8221;]            <\/div>\n        <\/div>\n    <\/div>\n    <\/div><\/div>[\/vc_column][\/vc_row]","protected":false},"excerpt":{"rendered":"[vc_row row_content_width=&#8221;grid&#8221; css=&#8221;.vc_custom_1661003880160{padding-top: 76px !important;padding-bottom: 76px !important;}&#8221;][vc_column][vc_column_text] [\/vc_column_text][\/vc_column][\/vc_row]","protected":false},"author":1,"featured_media":0,"parent":0,"menu_order":0,"comment_status":"closed","ping_status":"closed","template":"full-width-narrow-header.php","meta":{"footnotes":""},"class_list":["post-3970","page","type-page","status-publish","hentry"],"aioseo_notices":[],"_links":{"self":[{"href":"https:\/\/www.corralespianos.com\/ca\/wp-json\/wp\/v2\/pages\/3970"}],"collection":[{"href":"https:\/\/www.corralespianos.com\/ca\/wp-json\/wp\/v2\/pages"}],"about":[{"href":"https:\/\/www.corralespianos.com\/ca\/wp-json\/wp\/v2\/types\/page"}],"author":[{"embeddable":true,"href":"https:\/\/www.corralespianos.com\/ca\/wp-json\/wp\/v2\/users\/1"}],"replies":[{"embeddable":true,"href":"https:\/\/www.corralespianos.com\/ca\/wp-json\/wp\/v2\/comments?post=3970"}],"version-history":[{"count":28,"href":"https:\/\/www.corralespianos.com\/ca\/wp-json\/wp\/v2\/pages\/3970\/revisions"}],"predecessor-version":[{"id":9704,"href":"https:\/\/www.corralespianos.com\/ca\/wp-json\/wp\/v2\/pages\/3970\/revisions\/9704"}],"wp:attachment":[{"href":"https:\/\/www.corralespianos.com\/ca\/wp-json\/wp\/v2\/media?parent=3970"}],"curies":[{"name":"wp","href":"https:\/\/api.w.org\/{rel}","templated":true}]}}