{"id":9782,"date":"2024-07-28T11:05:44","date_gmt":"2024-07-28T11:05:44","guid":{"rendered":"https:\/\/www.corralespianos.com\/ca\/?page_id=9782"},"modified":"2024-07-28T11:09:32","modified_gmt":"2024-07-28T11:09:32","slug":"so-artesanal-bosendorfer","status":"publish","type":"page","link":"https:\/\/www.corralespianos.com\/ca\/so-artesanal-bosendorfer\/","title":{"rendered":"So Artesanal de B\u00f6sendorfer"},"content":{"rendered":"<p>[vc_row row_content_width=&#8221;grid&#8221; css=&#8221;.vc_custom_1692295791059{padding-top: 76px !important;padding-bottom: 32px !important;}&#8221;][vc_column css=&#8221;.vc_custom_1692295796359{padding-top: 0px !important;}&#8221;]<div class=\"eltdf-section-title-holder\" style=\"text-align: left\">\n\t\t\t<h2 class=\"eltdf-st-title\" style=\"color: #999966\">\n\t\t\t<span>La m\u00e0gia d&#039;un B\u00f6sendorfer<\/span>\n\t\t<\/h2>\n\t\t<\/div>[vc_empty_space height=&#8221;24px&#8221;][vc_column_text]La f\u00e0brica de pianos B\u00f6sendorfer no nom\u00e9s \u00e9s la m\u00e9s antiga del segment premium, sin\u00f3 que tots els B\u00f6sendorfer de cua tamb\u00e9 comparteixen caracter\u00edstiques exclusives i fonamentals en la forma en qu\u00e8 es fabriquen.[\/vc_column_text][vc_empty_space height=&#8221;4px&#8221;][vc_column_text]Es pot dir que estem obsessionats per crear l&#8217;experi\u00e8ncia sonora de piano definitiva. Aquesta difer\u00e8ncia amb altres marques d\u00f3na lloc a l&#8217;ADN \u00fanic de B\u00f6sendorfer, el so c\u00e0lid per\u00f2 brillantment colorit d&#8217;un instrument B\u00f6sendorfer. Tant si toqueu els verticals com els pianos de cua, cada instrument est\u00e0 elaborat amb la m\u00e0xima cura i dedicaci\u00f3 per les mans dels artesans de B\u00f6sendorfer.[\/vc_column_text][\/vc_column][\/vc_row][vc_row row_content_width=&#8221;grid&#8221; css=&#8221;.vc_custom_1692295227508{padding-top: 32px !important;padding-bottom: 50px !important;}&#8221;][vc_column]<div class=\"eltdf-accordion-holder clearfix eltdf-ac-default eltdf-accordion eltdf-ac-boxed\">\n\t<h3 class=\"eltdf-title-holder\">\n    <span class=\"eltdf-accordion-mark\">\n\t\t<span class=\"eltdf_icon_plus icon_plus\"><\/span>\n\t\t<span class=\"eltdf_icon_minus icon_minus-06\"><\/span>\n\t<\/span>\n\t<span class=\"eltdf-tab-title\">El principi de caixa de resson\u00e0ncia B\u00f6sendorfer<\/span>\n<\/h3>\n<div class=\"eltdf-accordion-content\">\n\t<div class=\"eltdf-accordion-content-inner\">\n\t\t[vc_row_inner][vc_column_inner width=&#8221;2\/5&#8243;][vc_single_image image=&#8221;9769&#8243; img_size=&#8221;full&#8221;][\/vc_column_inner][vc_column_inner width=&#8221;3\/5&#8243;][vc_column_text]Contr\u00e0riament a tots els altres fabricants, B\u00f6sendorfer construeix instruments centrats en l&#8217;\u00fas de l&#8217;avet. M\u00e9s del 80% d&#8217;aquesta fusta, ideal per a instruments, es troba als pianos B\u00f6sendorfer. Molt semblant al principi a un viol\u00ed, tot el cos &#8211; no exclusivament la tapa harm\u00f2nica &#8211; contribueix a la formaci\u00f3 del so. L\u2019anellat del piano consta d&#8217;un seguit de peces de 10 mm de gruix serrades a \u201cquarter-sawn\u201d i especialment acanalades pels nostres artesans per permetre que es doblegui adoptant la silueta del voltant de la corona interior, aix\u00f2 \u00e9s exclusiu de B\u00f6sendorfer. Quan es toca una nota, els components d&#8217;avet integrats es tornen actius ac\u00fasticament, formant un cos de resson\u00e0ncia massiu que propicia que tot l&#8217;instrument projecti el vostre so. Per a una riquesa excepcional de color de to i el nostre llegendari so pur i brillant. Aquesta complexa construcci\u00f3 forma part de la tradici\u00f3 vienesa de la fabricaci\u00f3 de pianos.[\/vc_column_text][vc_empty_space height=&#8221;12px&#8221;][vc_column_text]<\/p>\r\n<blockquote>\r\n<p style=\"text-align: center;\">Algunes persones pensen que un piano de cua \u00e9s un instrument de percussi\u00f3.<br \/>\r\nDe deb\u00f2, discrepo!<\/p><\/blockquote>\r\n<p style=\"text-align: center;\">Sir Andr\u00e1s Schiff<\/p>\r\n<p>[\/vc_column_text][\/vc_column_inner][\/vc_row_inner]\t<\/div>\n<\/div><h3 class=\"eltdf-title-holder\">\n    <span class=\"eltdf-accordion-mark\">\n\t\t<span class=\"eltdf_icon_plus icon_plus\"><\/span>\n\t\t<span class=\"eltdf_icon_minus icon_minus-06\"><\/span>\n\t<\/span>\n\t<span class=\"eltdf-tab-title\">Naturalment Fusta<\/span>\n<\/h3>\n<div class=\"eltdf-accordion-content\">\n\t<div class=\"eltdf-accordion-content-inner\">\n\t\t[vc_row_inner][vc_column_inner width=&#8221;2\/5&#8243;][vc_single_image image=&#8221;9770&#8243; img_size=&#8221;full&#8221;][\/vc_column_inner][vc_column_inner width=&#8221;3\/5&#8243;][vc_column_text]La base de cada B\u00f6sendorfer Grand \u00e9s l&#8217;avet que s&#8217;asseca de manera natural a l&#8217;aire lliure que ha demostrat ser la fusta de to ideal. Les quatre estacions, sol, vent i grans difer\u00e8ncies de temperatura preparen suaument aquesta fusta per al seu objectiu final: ressonar. A B\u00f6sendorfer utilitza m\u00e9s del 80% de fusta d&#8217;avet per construir els instruments, m\u00e9s que qualsevol altre fabricant. L\u2019avet austr\u00edac s&#8217;ha de conrear a un m\u00ednim de 800 metres sobre el nivell del mar, garantint una estructura d\u2019anells anulars molt densa i regular. Talat a l&#8217;hivern, quan la saba \u00e9s menys abundant, posteriorment es serra a \u201cquarter-sawn\u201d per obtenir una estructura de vetes perpendicular al tall. Quan afegim el proc\u00e9s d&#8217;assecatge natural al nostre temps de fabricaci\u00f3, en realitat triguen 6 anys fins que un B\u00f6sendorfer arribi a la vostra casa. Temps preci\u00f3s, necessari per crear l&#8217;\u00fanic so B\u00f6sendorfer.[\/vc_column_text][\/vc_column_inner][\/vc_row_inner]\t<\/div>\n<\/div><h3 class=\"eltdf-title-holder\">\n    <span class=\"eltdf-accordion-mark\">\n\t\t<span class=\"eltdf_icon_plus icon_plus\"><\/span>\n\t\t<span class=\"eltdf_icon_minus icon_minus-06\"><\/span>\n\t<\/span>\n\t<span class=\"eltdf-tab-title\">Elaboraci\u00f3 artesanal de Bordons<\/span>\n<\/h3>\n<div class=\"eltdf-accordion-content\">\n\t<div class=\"eltdf-accordion-content-inner\">\n\t\t[vc_row_inner][vc_column_inner width=&#8221;2\/5&#8243;][vc_single_image image=&#8221;9771&#8243; img_size=&#8221;full&#8221;][\/vc_column_inner][vc_column_inner width=&#8221;3\/5&#8243;][vc_column_text]Tots els Bordons es fan a la manera individual de B\u00f6sendorfer. Una corda d&#8217;acer \u00e9s la base per a 1 o 2 capes de coure. Les cordes curosament filades s\u00f3n un element substancial dels greus c\u00e0lids i sonors de B\u00f6sendorfer.[\/vc_column_text][\/vc_column_inner][\/vc_row_inner]\t<\/div>\n<\/div><h3 class=\"eltdf-title-holder\">\n    <span class=\"eltdf-accordion-mark\">\n\t\t<span class=\"eltdf_icon_plus icon_plus\"><\/span>\n\t\t<span class=\"eltdf_icon_minus icon_minus-06\"><\/span>\n\t<\/span>\n\t<span class=\"eltdf-tab-title\">Fet a m\u00e0 a \u00c0ustria<\/span>\n<\/h3>\n<div class=\"eltdf-accordion-content\">\n\t<div class=\"eltdf-accordion-content-inner\">\n\t\t[vc_row_inner][vc_column_inner width=&#8221;2\/5&#8243;][vc_single_image image=&#8221;9772&#8243; img_size=&#8221;full&#8221;][\/vc_column_inner][vc_column_inner width=&#8221;3\/5&#8243;][vc_column_text]Els B\u00f6sendorfer no s\u00f3n nom\u00e9s un objecte d&#8217;inversi\u00f3 que durar\u00e0 m\u00e9s d&#8217;una generaci\u00f3. Els\u00a0 experts artesans de B\u00f6sendorfer revelen la bellesa interior del so B\u00f6sendorfer, \u00fanic en color, din\u00e0mica i expressi\u00f3. Perfeccionat al llarg del temps, transm\u00e8s per inspirar generacions. Es necessita la dedicaci\u00f3 dels nostres artesans ,fins a un any per construir el vostre B\u00f6sendorfer . Un toc personal que sentir\u00e0s en el moment de tocar. Qualitat austr\u00edaca, \u00e0nima vienesa.[\/vc_column_text][\/vc_column_inner][\/vc_row_inner]\t<\/div>\n<\/div><h3 class=\"eltdf-title-holder\">\n    <span class=\"eltdf-accordion-mark\">\n\t\t<span class=\"eltdf_icon_plus icon_plus\"><\/span>\n\t\t<span class=\"eltdf_icon_minus icon_minus-06\"><\/span>\n\t<\/span>\n\t<span class=\"eltdf-tab-title\">Capo d&#039;Astro independent<\/span>\n<\/h3>\n<div class=\"eltdf-accordion-content\">\n\t<div class=\"eltdf-accordion-content-inner\">\n\t\t[vc_row_inner][vc_column_inner width=&#8221;2\/5&#8243;][vc_single_image image=&#8221;9773&#8243; img_size=&#8221;full&#8221;][\/vc_column_inner][vc_column_inner width=&#8221;3\/5&#8243;][vc_column_text]B\u00f6sendorfer \u00e9s l&#8217;\u00fanic fabricant de pianos que aplica un Capo d&#8217;Astro desmuntable i independent al registre superior. Aix\u00ed \u00e9s com assegurem l&#8217;ajustament m\u00e9s prec\u00eds al registre superior garantint el so B\u00f6sendorfer original per generacions: so \u00fanic per a m\u00e9s d&#8217;una generaci\u00f3.[\/vc_column_text][vc_empty_space height=&#8221;12px&#8221;][vc_column_text]<\/p>\r\n<blockquote>\r\n<p style=\"text-align: center;\">De vegades els pianistes intenten sonar com a cantants. Jo personalment, intento sonar com un B\u00f6sendorfer.<\/p>\r\n<\/blockquote>\r\n<p style=\"text-align: center;\">Pl\u00e1cido Domingo<\/p>\r\n<p>[\/vc_column_text][\/vc_column_inner][\/vc_row_inner]\t<\/div>\n<\/div><h3 class=\"eltdf-title-holder\">\n    <span class=\"eltdf-accordion-mark\">\n\t\t<span class=\"eltdf_icon_plus icon_plus\"><\/span>\n\t\t<span class=\"eltdf_icon_minus icon_minus-06\"><\/span>\n\t<\/span>\n\t<span class=\"eltdf-tab-title\">Fundici\u00f3 de sorra tradicional<\/span>\n<\/h3>\n<div class=\"eltdf-accordion-content\">\n\t<div class=\"eltdf-accordion-content-inner\">\n\t\t[vc_row_inner][vc_column_inner][vc_column_text]S\u2019utilitza la fosa de sorra tradicional per forjar la placa de ferro. Els marcs crus, produ\u00efts a \u00c0ustria, descansen 6 mesos fora de la f\u00e0brica. Aix\u00ed \u00e9s com s&#8217;alliberen totes les tensions internes del proc\u00e9s de forja, permetent que la placa de ferro es mantingui relaxat posteriorment sota les 20 tones de tensi\u00f3 de les cordes. Pura estabilitat.[\/vc_column_text][\/vc_column_inner][\/vc_row_inner]\t<\/div>\n<\/div><h3 class=\"eltdf-title-holder\">\n    <span class=\"eltdf-accordion-mark\">\n\t\t<span class=\"eltdf_icon_plus icon_plus\"><\/span>\n\t\t<span class=\"eltdf_icon_minus icon_minus-06\"><\/span>\n\t<\/span>\n\t<span class=\"eltdf-tab-title\">Acci\u00f3 B\u00f6sendorfer<\/span>\n<\/h3>\n<div class=\"eltdf-accordion-content\">\n\t<div class=\"eltdf-accordion-content-inner\">\n\t\t[vc_row_inner][vc_column_inner width=&#8221;2\/5&#8243;][vc_single_image image=&#8221;9774&#8243; img_size=&#8221;full&#8221;][\/vc_column_inner][vc_column_inner width=&#8221;3\/5&#8243;][vc_column_text]Del delicat pianissimo a un espl\u00e8ndid fortissimo: un B\u00f6sendorfer mostra una controlabilitat \u00f2ptima. Desenvolupat amb la col\u00b7laboraci\u00f3 d&#8217;artistes i t\u00e8cnics, l\u2019acci\u00f3 mecanica s&#8217;elabora segons les pr\u00f2pies i refinades especificacions. Aquesta acci\u00f3 est\u00e0 constru\u00efda per transferir la millor articulaci\u00f3 a una interpretaci\u00f3 magistral.[\/vc_column_text][\/vc_column_inner][\/vc_row_inner]\t<\/div>\n<\/div><\/div>[\/vc_column][\/vc_row][vc_row row_type=&#8221;parallax&#8221; full_screen_section_height=&#8221;no&#8221; css=&#8221;.vc_custom_1722164971241{background-position: center !important;background-repeat: no-repeat !important;background-size: cover !important;}&#8221; parallax_section_height=&#8221;400&#8243; parallax_background_image=&#8221;9775&#8243;][vc_column css=&#8221;.vc_custom_1691433855377{padding-top: 0px !important;}&#8221;][vc_row_inner row_content_width=&#8221;grid&#8221; content_text_aligment=&#8221;center&#8221;][vc_column_inner width=&#8221;1\/6&#8243;][\/vc_column_inner][vc_column_inner width=&#8221;2\/3&#8243;][vc_empty_space height=&#8221;76px&#8221;]<div class=\"eltdf-section-title-holder\" style=\"text-align: center\">\n\t\t\t<h2 class=\"eltdf-st-title\" style=\"color: #ffffff\">\n\t\t\t<span>La teva imaginaci\u00f3 feta realitat<\/span>\n\t\t<\/h2>\n\t\t<\/div>[vc_empty_space height=&#8221;12px&#8221;][vc_column_text]<span style=\"color: #ffffff;\">La producci\u00f3 exclusiva de prop de 300 instruments a l&#8217;any permet satisfer les vostres peticions individuals. Tant si voleu aplicar xapes precioses, el vostre color preferit o un emblema dissenyat per vosaltres mateixos i gravat amb cura per mestres artesans: tot \u00e9s possible. Els artesans de B\u00f6sendorfer prepararan una mostra de color abans de comen\u00e7ar la producci\u00f3 i col\u00b7laborar amb vosaltres en el vostre disseny. Despr\u00e9s de la vostra aprovaci\u00f3, es crea el vostre instrument \u00fanic i propi:<\/span><\/p>\r\n<h4 style=\"color: #ffffff;\">Un instrument extraordinari.<\/h4>\r\n<p>[\/vc_column_text][\/vc_column_inner][vc_column_inner width=&#8221;1\/6&#8243;][\/vc_column_inner][\/vc_row_inner][\/vc_column][\/vc_row][vc_row][vc_column css=&#8221;.vc_custom_1691434002130{padding-top: 0px !important;}&#8221;][vc_widget_sidebar sidebar_id=&#8221;marcas-carrousel&#8221;][\/vc_column][\/vc_row]<\/p>\r\n","protected":false},"excerpt":{"rendered":"[vc_row row_content_width=&#8221;grid&#8221; css=&#8221;.vc_custom_1692295791059{padding-top: 76px !important;padding-bottom: 32px !important;}&#8221;][vc_column css=&#8221;.vc_custom_1692295796359{padding-top: 0px !important;}&#8221;][vc_empty_space height=&#8221;24px&#8221;][vc_column_text]La f\u00e0brica de pianos B\u00f6sendorfer no nom\u00e9s \u00e9s la m\u00e9s antiga del segment premium, sin\u00f3 que tots els B\u00f6sendorfer de cua tamb\u00e9 comparteixen caracter\u00edstiques exclusives i fonamentals en la forma en qu\u00e8 es fabriquen.[\/vc_column_text][vc_empty_space height=&#8221;4px&#8221;][vc_column_text]Es [&hellip;]","protected":false},"author":1,"featured_media":0,"parent":0,"menu_order":0,"comment_status":"closed","ping_status":"closed","template":"full-width-narrow-header.php","meta":{"footnotes":""},"class_list":["post-9782","page","type-page","status-publish","hentry"],"aioseo_notices":[],"_links":{"self":[{"href":"https:\/\/www.corralespianos.com\/ca\/wp-json\/wp\/v2\/pages\/9782"}],"collection":[{"href":"https:\/\/www.corralespianos.com\/ca\/wp-json\/wp\/v2\/pages"}],"about":[{"href":"https:\/\/www.corralespianos.com\/ca\/wp-json\/wp\/v2\/types\/page"}],"author":[{"embeddable":true,"href":"https:\/\/www.corralespianos.com\/ca\/wp-json\/wp\/v2\/users\/1"}],"replies":[{"embeddable":true,"href":"https:\/\/www.corralespianos.com\/ca\/wp-json\/wp\/v2\/comments?post=9782"}],"version-history":[{"count":3,"href":"https:\/\/www.corralespianos.com\/ca\/wp-json\/wp\/v2\/pages\/9782\/revisions"}],"predecessor-version":[{"id":9785,"href":"https:\/\/www.corralespianos.com\/ca\/wp-json\/wp\/v2\/pages\/9782\/revisions\/9785"}],"wp:attachment":[{"href":"https:\/\/www.corralespianos.com\/ca\/wp-json\/wp\/v2\/media?parent=9782"}],"curies":[{"name":"wp","href":"https:\/\/api.w.org\/{rel}","templated":true}]}}